{"id":33,"date":"2019-06-05T11:49:04","date_gmt":"2019-06-05T11:49:04","guid":{"rendered":"https:\/\/www.chirocean.fr\/?page_id=33"},"modified":"2021-03-03T23:28:34","modified_gmt":"2021-03-03T23:28:34","slug":"le-chiropracteur","status":"publish","type":"page","link":"https:\/\/www.chirocean.fr\/es\/le-chiropracteur\/","title":{"rendered":"Le chiropracteur            Pierre Buraglia"},"content":{"rendered":"\n<div class=\"wp-block-jetpack-tiled-gallery aligncenter is-style-rectangular\"><div class=\"tiled-gallery__gallery\"><div class=\"tiled-gallery__row\"><div class=\"tiled-gallery__col\"><figure class=\"tiled-gallery__item\"><img decoding=\"async\" alt=\"\" data-height=\"960\" data-id=\"92\" data-link=\"https:\/\/www.chirocean.fr\/le-chiropracteur\/18835596_1519149461482386_8821344666213362150_n\/\" data-url=\"https:\/\/www.chirocean.fr\/wp-content\/uploads\/2019\/06\/18835596_1519149461482386_8821344666213362150_n.jpg\" data-width=\"960\" src=\"https:\/\/i2.wp.com\/www.chirocean.fr\/wp-content\/uploads\/2019\/06\/18835596_1519149461482386_8821344666213362150_n.jpg?ssl=1\"\/><\/figure><\/div><div class=\"tiled-gallery__col\"><figure class=\"tiled-gallery__item\"><img decoding=\"async\" alt=\"\" data-height=\"1600\" data-id=\"285\" data-link=\"https:\/\/www.chirocean.fr\/le-chiropracteur\/img-20190829-wa0008-4\/\" data-url=\"https:\/\/www.chirocean.fr\/wp-content\/uploads\/2019\/08\/IMG-20190829-WA0008-4.jpg\" data-width=\"1600\" src=\"https:\/\/i1.wp.com\/www.chirocean.fr\/wp-content\/uploads\/2019\/08\/IMG-20190829-WA0008-4.jpg?ssl=1\"\/><\/figure><\/div><\/div><\/div><\/div>\n\n\n\n<p>Pierre Buraglia est membre de l&#8217;Association Fran\u00e7aise de Chiropraxie (AFC)<\/p>\n\n\n\n<p><span style=\"text-decoration: underline;\"><strong>Dipl\u00f4mes<\/strong><\/span><\/p>\n\n\n\n<p>2017 <strong>Chiropracteur<\/strong> &#8211; Doctor of Chiropractic D.C. &#8211; Institut Franco-Europ\u00e9en de Chiropraxie (IFEC)<\/p>\n\n\n\n<p> 2016 <strong>Master II Neuromotricit\u00e9<\/strong> (Neurosciences) &#8211; Facult\u00e9 de M\u00e9decine Paris-Est <\/p>\n\n\n\n<p style=\"text-align:center\"><span style=\"text-decoration: underline;\"><strong>Biographie<\/strong><\/span><\/p>\n\n\n\n<p>Pierre Buraglia a fait ses \u00e9tudes de Chiropraxie \u00e0 l\u2019Institut Franco-Europ\u00e9en de Chiropraxie (IFEC) de Paris, dont il a gradu\u00e9 en 2017, 2e Major de promotion. <\/p>\n\n\n\n<p>Son int\u00e9r\u00eat particulier pour les probl\u00e9matiques de neurologie l\u2019a conduit \u00e0 r\u00e9aliser parall\u00e8lement un Master 2 de Neuro-motricit\u00e9 \u00e0 la facult\u00e9 de M\u00e9decine de Paris-Est. Cette double formation, qui \u00e9tait une premi\u00e8re et permettait d\u2019\u00e9tablir des ponts entre Chiropraxie et M\u00e9decine acad\u00e9mique lui a d\u2019ailleurs valu une distinction sp\u00e9ciale \u00e0 ce titre. <\/p>\n\n\n\n<p>Il a d\u00e9cid\u00e9 de suivre ces \u00e9tudes en raison de son int\u00e9r\u00eat port\u00e9 \u00e0 l&#8217;\u00e9coute, la compr\u00e9hension de l&#8217;autre, le soucis d&#8217;aider et de soigner&#8230; L&#8217;attrait pour le c\u00f4t\u00e9 social, scientifique, l&#8217;art et la philosophie de la Chiropraxie l&#8217;ont conquis ainsi que la compl\u00e9mentarit\u00e9 qu&#8217;elle apporte au syst\u00e8me de soins classique.<\/p>\n\n\n\n<p>Pierre Buraglia est un homme heureux, et son cabinet maintenant ouvert \u00e0 Bidart et Bayonne est \u00e0 son image, au croisement de ses passions.               Un cabinet face \u00e0 l\u2019oc\u00e9an, avec les vagues les couchers de soleil et les montagnes en perspective, et une des plus belles salles d\u2019attente du monde !<br>C\u2019est ainsi que \u00ab ChirOc\u00e9an \u00bb est n\u00e9. <\/p>\n\n\n\n<p>Pierre Buraglia a 3 passions :                                                                                     La Chiropraxie, l&#8217;Oc\u00e9an et le voyage<br>C\u2019est pourquoi, avant d\u2019installer son cabinet au Pays Basque, il a d\u00e9cid\u00e9 de faire le tour du monde, rassemblant ainsi ses 3 passions. <\/p>\n\n\n\n<p style=\"text-align:left\">Il est parti avec sa table de Chiropraxie (pliante) sur le dos, pendant<br>pr\u00e8s de 2 ans et a parcouru une vingtaine de pays. L\u2019id\u00e9e \u00e9tait de se rapprocher au plus pr\u00e8s des habitants, et de pouvoir pratiquer entre autres dans les villages les plus recul\u00e9s, qui n\u2019avaient pas acc\u00e8s aux soins.                               Il a re\u00e7u un accueil fabuleux des populations qu\u2019il a rencontr\u00e9, exp\u00e9rience enrichissante, et pleine d\u2019enseignements, humainement, spirituellement et professionnellement.<br>Parti en juin 2017 et revenu en mai 2019, son chemin l\u2019a amen\u00e9 \u00e0 rencontrer des gens fabuleux, et \u00e0 pratiquer b\u00e9n\u00e9volement ou sur le th\u00e8me de l&#8217;entre aide dans des conditions extr\u00eamement vari\u00e9es, le plus souvent directement aupr\u00e8s des populations,<br>dans les villages, au gr\u00e8s des rencontres, mais \u00e9galement parfois dans le cadre d\u2019associations ou d\u2019\u0153uvres humanitaires.<br>C\u2019est ainsi qu\u2019il a pratiqu\u00e9 aupr\u00e8s des tribus de la for\u00eat primaire Malaisienne, Amazonienne, des ramasseurs de th\u00e9 du Sri-Lanka, des p\u00eacheurs de Tahiti, d&#8217;Indon\u00e9sie en Afrique, dans des associations en Cote d\u2019Ivoire, Samu social pour les enfants du S\u00e9n\u00e9gal, village au P\u00e9rou en parall\u00e8le de la construction d&#8217;une cr\u00e8che, \u00e0 l\u2019H\u00f4pital en Amazonie&#8230; Il a \u00e9galement pratiqu\u00e9 dans des monast\u00e8res au N\u00e9pal, ou des maisons de retraite et camps de r\u00e9fugi\u00e9s tib\u00e9tains, ainsi que dans des villages recul\u00e9s au Laos, Vietnam, Philippines, Indon\u00e9sie&#8230; et dans les conditions les plus incongrues : dans des villages lacustres, sur des bateaux, sur la route, \u00e0 l&#8217;a\u00e9roport\u2026 <\/p>\n\n\n\n<p>Toujours accueilli, et \u00e9merveill\u00e9 par la bienveillance de la population locale.<br>P\u00e9riple bien sur entrecoup\u00e9 de vagues et montagnes: Hawa\u00ef &#8211; Tahiti &#8211; Indon\u00e9sie &#8211; Am\u00e9rique du Sud&#8230; et de spots r\u00eav\u00e9s desquels il a pu apprendre des techniques nouvelles aupr\u00e8s des \u00e9quipes de Chiropracteurs des championnats du monde de surf \u00e0 Tahiti et s&#8217;occuper de surfeurs \u00e0 travers le monde. <\/p>\n\n\n\n<hr class=\"wp-block-separator\"\/>\n\n\n\n<h3 class=\"wp-block-heading\">Exp\u00e9riences<\/h3>\n\n\n\n<p>En Cours &#8211; Cabinet Chiropratique Pierre Buraglia (Bidart-Bayonne)<\/p>\n\n\n\n<p>2017 &#8211; 2019 <strong>Voyage Chiropratique de 2 ans dans plus de 21 pays B\u00e9n\u00e9volement<\/strong><\/p>\n\n\n\n<p>2018 Cabinet &#8211; Ho Chi Minh ville (Vietnam)<\/p>\n\n\n\n<p>2018  Cabinet &#8211; Medellin (Colombie)<\/p>\n\n\n\n<p>2017 Cabinet &#8211; Abidjan (C\u00f4te d&#8217;Ivoire)<\/p>\n\n\n\n<p>\n\n2017 Cabinet &#8211; Vesinet le Pecq (France)\n\n<\/p>\n\n\n\n<p>2016 Echange, Interne au Centre Clinique UQTR Trois Rivi\u00e8res (Quebec) <\/p>\n\n\n\n<p>2016 Mission Humanitaire &#8220;Kheir D&#8217;Afrik&#8221; au Burkina Faso<\/p>\n\n\n\n<p>2016 Assistant en dissection humaine et en cours pratiques de technique HVLA et Gonstead \u00e0 l&#8217;IFEC<\/p>\n\n\n\n<p>2015 &#8211; 2017 Cabinet &#8211; Interne au Centre Clinique Chiropratique IFEC (France) <br><\/p>\n\n\n\n<p><span style=\"text-decoration: underline;\"><strong>S\u00e9minaires<\/strong><\/span><\/p>\n\n\n\n<p>2017 Dynamic Neuromuscular Rehabilization (Tahiti)<\/p>\n\n\n\n<p>2016 Gonstead Technique<\/p>\n\n\n\n<p>2016 Sacro Occipitale Technique SOT<\/p>\n\n\n\n<p>2016 Kin\u00e9siologie Appliqu\u00e9e Professionnelle &#8211; ICAK<\/p>\n\n\n\n<p>2016 Functional And Kinetic Treatment with Rehab &#8211; FAKTR<\/p>\n\n\n\n<p>2016 Neurologie Fonctionnelle &#8211; Carrick Institut<\/p>\n\n\n\n<p>2015 Prise en charge du sportif &#8211; Bell and Murray<\/p>\n\n\n\n<h3 class=\"wp-block-heading\"><strong>Travaux et publications<\/strong><\/h3>\n\n\n\n<p>2016 <strong>M\u00e9moire<\/strong> sur l&#8217;effet des manipulations vert\u00e9brales sur le seuil de douleur local et \u00e0 distance &#8211; <strong>Master II Neuromotricit\u00e9<\/strong> \u00e0 la Facult\u00e9 de M\u00e9decine Paris-Est.<\/p>\n\n\n\n<div class=\"wp-block-file\"><a href=\"https:\/\/www.chirocean.fr\/wp-content\/uploads\/2021\/03\/L\u2019effet-imm\u00e9diat-de-la-manipulation-vert\u00e9brale-1.pptx\">R\u00e9sum\u00e9 simplifi\u00e9:<br><span style=\"text-decoration: underline;\">L\u2019effet-imm\u00e9diat-de-la-manipulation-vert\u00e9brale<\/span><\/a><a href=\"https:\/\/www.chirocean.fr\/wp-content\/uploads\/2021\/03\/L\u2019effet-imm\u00e9diat-de-la-manipulation-vert\u00e9brale-1.pptx\" class=\"wp-block-file__button\" download>T\u00e9l\u00e9charger<\/a><\/div>\n\n\n\n<h3 class=\"wp-block-heading\"><strong>Prix et distinctions<\/strong><\/h3>\n\n\n\n<p>2017 <strong>Majors de Promotion<\/strong> &#8211; Institut Franco Europ\u00e9en De Chiropraxie Paris<\/p>\n","protected":false},"excerpt":{"rendered":"<p>Pierre Buraglia est membre de l&#8217;Association Fran\u00e7aise de Chiropraxie (AFC) Dipl\u00f4mes 2017 Chiropracteur &#8211; Doctor of Chiropractic D.C. &#8211; Institut Franco-Europ\u00e9en de Chiropraxie (IFEC) 2016 Master II Neuromotricit\u00e9 (Neurosciences) &#8211; Facult\u00e9 de M\u00e9decine Paris-Est Biographie Pierre Buraglia a fait ses \u00e9tudes de Chiropraxie \u00e0 l\u2019Institut Franco-Europ\u00e9en de Chiropraxie (IFEC) de Paris, dont il a gradu\u00e9&hellip; <a href=\"https:\/\/www.chirocean.fr\/es\/le-chiropracteur\/\" class=\"more-link\">Sigue leyendo <span class=\"screen-reader-text\">Le chiropracteur            Pierre Buraglia<\/span><\/a><\/p>\n","protected":false},"author":1,"featured_media":0,"parent":0,"menu_order":0,"comment_status":"closed","ping_status":"closed","template":"","meta":{"footnotes":""},"class_list":["post-33","page","type-page","status-publish","hentry","without-featured-image"],"translation":{"provider":"WPGlobus","version":"3.0.2","language":"es","enabled_languages":["fr","en","es","eu"],"languages":{"fr":{"title":true,"content":true,"excerpt":false},"en":{"title":false,"content":false,"excerpt":false},"es":{"title":false,"content":false,"excerpt":false},"eu":{"title":false,"content":false,"excerpt":false}}},"yoast_head":"<!-- This site is optimized with the Yoast SEO plugin v27.5 - https:\/\/yoast.com\/product\/yoast-seo-wordpress\/ -->\n<title>Le Chiropracteur Pierre Buraglia - Chirocean<\/title>\n<meta name=\"robots\" content=\"index, follow, max-snippet:-1, max-image-preview:large, max-video-preview:-1\" \/>\n<link rel=\"canonical\" href=\"https:\/\/www.chirocean.fr\/le-chiropracteur\/\" \/>\n<meta property=\"og:locale\" content=\"es_ES\" \/>\n<meta property=\"og:type\" content=\"article\" \/>\n<meta property=\"og:title\" content=\"Le chiropracteur      Pierre Buraglia - Consulta Quiropractica Pierre Buraglia\" \/>\n<meta property=\"og:url\" content=\"https:\/\/www.chirocean.fr\/le-chiropracteur\/\" \/>\n<meta property=\"og:site_name\" content=\"Consulta Quiropractica Pierre Buraglia\" \/>\n<meta property=\"article:modified_time\" content=\"2021-03-03T23:28:34+00:00\" \/>\n<meta property=\"og:image\" content=\"https:\/\/i2.wp.com\/www.chirocean.fr\/wp-content\/uploads\/2019\/06\/18835596_1519149461482386_8821344666213362150_n.jpg?ssl=1\" \/>\n<meta name=\"twitter:card\" content=\"summary_large_image\" \/>\n<meta name=\"twitter:label1\" content=\"Est. reading time\" \/>\n\t<meta name=\"twitter:data1\" content=\"4 minutes\" \/>\n<script type=\"application\/ld+json\" class=\"yoast-schema-graph\">{\"@context\":\"https:\\\/\\\/schema.org\",\"@graph\":[{\"@type\":\"WebPage\",\"@id\":\"https:\\\/\\\/www.chirocean.fr\\\/le-chiropracteur\\\/\",\"url\":\"https:\\\/\\\/www.chirocean.fr\\\/le-chiropracteur\\\/\",\"name\":\"Le Chiropracteur Pierre Buraglia - Chirocean\",\"isPartOf\":{\"@id\":\"https:\\\/\\\/www.chirocean.fr\\\/#website\"},\"primaryImageOfPage\":{\"@id\":\"https:\\\/\\\/www.chirocean.fr\\\/le-chiropracteur\\\/#primaryimage\"},\"image\":{\"@id\":\"https:\\\/\\\/www.chirocean.fr\\\/le-chiropracteur\\\/#primaryimage\"},\"thumbnailUrl\":\"https:\\\/\\\/i2.wp.com\\\/www.chirocean.fr\\\/wp-content\\\/uploads\\\/2019\\\/06\\\/18835596_1519149461482386_8821344666213362150_n.jpg?ssl=1\",\"datePublished\":\"2019-06-05T11:49:04+00:00\",\"dateModified\":\"2021-03-03T23:28:34+00:00\",\"description\":\"Pierre Buraglia a fait ses \u00e9tudes de Chiropraxie \u00e0 l\u2019institut franco-europ\u00e9en de Chiropraxie (IFEC) de Paris.\",\"breadcrumb\":{\"@id\":\"https:\\\/\\\/www.chirocean.fr\\\/le-chiropracteur\\\/#breadcrumb\"},\"inLanguage\":\"es-ES\",\"potentialAction\":[{\"@type\":\"ReadAction\",\"target\":[\"https:\\\/\\\/www.chirocean.fr\\\/le-chiropracteur\\\/\"]}]},{\"@type\":\"ImageObject\",\"inLanguage\":\"es-ES\",\"@id\":\"https:\\\/\\\/www.chirocean.fr\\\/le-chiropracteur\\\/#primaryimage\",\"url\":\"https:\\\/\\\/i2.wp.com\\\/www.chirocean.fr\\\/wp-content\\\/uploads\\\/2019\\\/06\\\/18835596_1519149461482386_8821344666213362150_n.jpg?ssl=1\",\"contentUrl\":\"https:\\\/\\\/i2.wp.com\\\/www.chirocean.fr\\\/wp-content\\\/uploads\\\/2019\\\/06\\\/18835596_1519149461482386_8821344666213362150_n.jpg?ssl=1\"},{\"@type\":\"BreadcrumbList\",\"@id\":\"https:\\\/\\\/www.chirocean.fr\\\/le-chiropracteur\\\/#breadcrumb\",\"itemListElement\":[{\"@type\":\"ListItem\",\"position\":1,\"name\":\"Accueil\",\"item\":\"https:\\\/\\\/www.chirocean.fr\\\/\"},{\"@type\":\"ListItem\",\"position\":2,\"name\":\"Le chiropracteur Pierre Buraglia\"}]},{\"@type\":\"WebSite\",\"@id\":\"https:\\\/\\\/www.chirocean.fr\\\/#website\",\"url\":\"https:\\\/\\\/www.chirocean.fr\\\/\",\"name\":\"Consulta Quiropractica Pierre Buraglia\",\"description\":\"&quot;Deja tu cuerpo expressar todo su potential&quot;\",\"publisher\":{\"@id\":\"https:\\\/\\\/www.chirocean.fr\\\/#organization\"},\"potentialAction\":[{\"@type\":\"SearchAction\",\"target\":{\"@type\":\"EntryPoint\",\"urlTemplate\":\"https:\\\/\\\/www.chirocean.fr\\\/?s={search_term_string}\"},\"query-input\":{\"@type\":\"PropertyValueSpecification\",\"valueRequired\":true,\"valueName\":\"search_term_string\"}}],\"inLanguage\":\"es-ES\"},{\"@type\":\"Organization\",\"@id\":\"https:\\\/\\\/www.chirocean.fr\\\/#organization\",\"name\":\"Consulta Quiropractica Pierre Buraglia\",\"url\":\"https:\\\/\\\/www.chirocean.fr\\\/\",\"logo\":{\"@type\":\"ImageObject\",\"inLanguage\":\"es-ES\",\"@id\":\"https:\\\/\\\/www.chirocean.fr\\\/#\\\/schema\\\/logo\\\/image\\\/\",\"url\":\"https:\\\/\\\/www.chirocean.fr\\\/wp-content\\\/uploads\\\/2019\\\/08\\\/cropped-Chiroc\u00e9an-ombre.jpg\",\"contentUrl\":\"https:\\\/\\\/www.chirocean.fr\\\/wp-content\\\/uploads\\\/2019\\\/08\\\/cropped-Chiroc\u00e9an-ombre.jpg\",\"width\":4577,\"height\":1271,\"caption\":\"Consulta Quiropractica Pierre Buraglia\"},\"image\":{\"@id\":\"https:\\\/\\\/www.chirocean.fr\\\/#\\\/schema\\\/logo\\\/image\\\/\"}}]}<\/script>\n<!-- \/ Yoast SEO plugin. -->","yoast_head_json":{"title":"Le Chiropracteur Pierre Buraglia - Chirocean","robots":{"index":"index","follow":"follow","max-snippet":"max-snippet:-1","max-image-preview":"max-image-preview:large","max-video-preview":"max-video-preview:-1"},"canonical":"https:\/\/www.chirocean.fr\/le-chiropracteur\/","og_locale":"es_ES","og_type":"article","og_title":"Le chiropracteur      Pierre Buraglia - Consulta Quiropractica Pierre Buraglia","og_url":"https:\/\/www.chirocean.fr\/le-chiropracteur\/","og_site_name":"Consulta Quiropractica Pierre Buraglia","article_modified_time":"2021-03-03T23:28:34+00:00","og_image":[{"url":"https:\/\/i2.wp.com\/www.chirocean.fr\/wp-content\/uploads\/2019\/06\/18835596_1519149461482386_8821344666213362150_n.jpg?ssl=1","type":"","width":"","height":""}],"twitter_card":"summary_large_image","twitter_misc":{"Est. reading time":"4 minutes"},"schema":{"@context":"https:\/\/schema.org","@graph":[{"@type":"WebPage","@id":"https:\/\/www.chirocean.fr\/le-chiropracteur\/","url":"https:\/\/www.chirocean.fr\/le-chiropracteur\/","name":"Le Chiropracteur Pierre Buraglia - Chirocean","isPartOf":{"@id":"https:\/\/www.chirocean.fr\/#website"},"primaryImageOfPage":{"@id":"https:\/\/www.chirocean.fr\/le-chiropracteur\/#primaryimage"},"image":{"@id":"https:\/\/www.chirocean.fr\/le-chiropracteur\/#primaryimage"},"thumbnailUrl":"https:\/\/i2.wp.com\/www.chirocean.fr\/wp-content\/uploads\/2019\/06\/18835596_1519149461482386_8821344666213362150_n.jpg?ssl=1","datePublished":"2019-06-05T11:49:04+00:00","dateModified":"2021-03-03T23:28:34+00:00","description":"Pierre Buraglia a fait ses \u00e9tudes de Chiropraxie \u00e0 l\u2019institut franco-europ\u00e9en de Chiropraxie (IFEC) de Paris.","breadcrumb":{"@id":"https:\/\/www.chirocean.fr\/le-chiropracteur\/#breadcrumb"},"inLanguage":"es-ES","potentialAction":[{"@type":"ReadAction","target":["https:\/\/www.chirocean.fr\/le-chiropracteur\/"]}]},{"@type":"ImageObject","inLanguage":"es-ES","@id":"https:\/\/www.chirocean.fr\/le-chiropracteur\/#primaryimage","url":"https:\/\/i2.wp.com\/www.chirocean.fr\/wp-content\/uploads\/2019\/06\/18835596_1519149461482386_8821344666213362150_n.jpg?ssl=1","contentUrl":"https:\/\/i2.wp.com\/www.chirocean.fr\/wp-content\/uploads\/2019\/06\/18835596_1519149461482386_8821344666213362150_n.jpg?ssl=1"},{"@type":"BreadcrumbList","@id":"https:\/\/www.chirocean.fr\/le-chiropracteur\/#breadcrumb","itemListElement":[{"@type":"ListItem","position":1,"name":"Accueil","item":"https:\/\/www.chirocean.fr\/"},{"@type":"ListItem","position":2,"name":"Le chiropracteur Pierre Buraglia"}]},{"@type":"WebSite","@id":"https:\/\/www.chirocean.fr\/#website","url":"https:\/\/www.chirocean.fr\/","name":"Consulta Quiropractica Pierre Buraglia","description":"&quot;Deja tu cuerpo expressar todo su potential&quot;","publisher":{"@id":"https:\/\/www.chirocean.fr\/#organization"},"potentialAction":[{"@type":"SearchAction","target":{"@type":"EntryPoint","urlTemplate":"https:\/\/www.chirocean.fr\/?s={search_term_string}"},"query-input":{"@type":"PropertyValueSpecification","valueRequired":true,"valueName":"search_term_string"}}],"inLanguage":"es-ES"},{"@type":"Organization","@id":"https:\/\/www.chirocean.fr\/#organization","name":"Consulta Quiropractica Pierre Buraglia","url":"https:\/\/www.chirocean.fr\/","logo":{"@type":"ImageObject","inLanguage":"es-ES","@id":"https:\/\/www.chirocean.fr\/#\/schema\/logo\/image\/","url":"https:\/\/www.chirocean.fr\/wp-content\/uploads\/2019\/08\/cropped-Chiroc\u00e9an-ombre.jpg","contentUrl":"https:\/\/www.chirocean.fr\/wp-content\/uploads\/2019\/08\/cropped-Chiroc\u00e9an-ombre.jpg","width":4577,"height":1271,"caption":"Consulta Quiropractica Pierre Buraglia"},"image":{"@id":"https:\/\/www.chirocean.fr\/#\/schema\/logo\/image\/"}}]}},"_links":{"self":[{"href":"https:\/\/www.chirocean.fr\/es\/wp-json\/wp\/v2\/pages\/33","targetHints":{"allow":["GET"]}}],"collection":[{"href":"https:\/\/www.chirocean.fr\/es\/wp-json\/wp\/v2\/pages"}],"about":[{"href":"https:\/\/www.chirocean.fr\/es\/wp-json\/wp\/v2\/types\/page"}],"author":[{"embeddable":true,"href":"https:\/\/www.chirocean.fr\/es\/wp-json\/wp\/v2\/users\/1"}],"replies":[{"embeddable":true,"href":"https:\/\/www.chirocean.fr\/es\/wp-json\/wp\/v2\/comments?post=33"}],"version-history":[{"count":29,"href":"https:\/\/www.chirocean.fr\/es\/wp-json\/wp\/v2\/pages\/33\/revisions"}],"predecessor-version":[{"id":834,"href":"https:\/\/www.chirocean.fr\/es\/wp-json\/wp\/v2\/pages\/33\/revisions\/834"}],"wp:attachment":[{"href":"https:\/\/www.chirocean.fr\/es\/wp-json\/wp\/v2\/media?parent=33"}],"curies":[{"name":"wp","href":"https:\/\/api.w.org\/{rel}","templated":true}]}}